{"id":45,"date":"2016-08-24T10:10:47","date_gmt":"2016-08-24T10:10:47","guid":{"rendered":"http:\/\/ccaal.dfki.de\/wordpress\/?page_id=45"},"modified":"2023-11-20T13:42:26","modified_gmt":"2023-11-20T13:42:26","slug":"personen","status":"publish","type":"page","link":"https:\/\/ccaal.dfki.de\/de\/personen","title":{"rendered":"Personen"},"content":{"rendered":"<p class=\"p1\" style=\"text-align: justify;\"><span class=\"s1\"><b>KOORDINATOR<br \/>\n<\/b><\/span><\/p>\n<p class=\"p3\" style=\"text-align: justify;\"><span class=\"s1\"><b><a href=\"http:\/\/ccaal.dfki.de\/wordpress\/wp-content\/uploads\/2016\/08\/jan-pic3.jpg\"><img loading=\"lazy\" decoding=\"async\" class=\"wp-image-1925 alignleft\" src=\"http:\/\/ccaal.dfki.de\/wordpress\/wp-content\/uploads\/2016\/08\/jan-pic3-283x300.jpg\" alt=\"jan-pic3\" width=\"156\" height=\"156\" srcset=\"https:\/\/ccaal.dfki.de\/wordpress\/wp-content\/uploads\/2016\/08\/jan-pic3-150x150.jpg 150w, https:\/\/ccaal.dfki.de\/wordpress\/wp-content\/uploads\/2016\/08\/jan-pic3-180x180.jpg 180w, https:\/\/ccaal.dfki.de\/wordpress\/wp-content\/uploads\/2016\/08\/jan-pic3-60x60.jpg 60w\" sizes=\"auto, (max-width: 156px) 100vw, 156px\" \/><\/a>Dr. Jan Alexandersson<\/b> ist Principal Researcher und Research Fellow im Forschungsbereich Intelligente Benutzerschnittstellen des Deutschen Forschungszentrums f\u00fcr K\u00fcnstliche Intelligenz, DFKI GmbH. 1993 machte er seinen Master of Science an der Universit\u00e4t Link\u00f6ping und seitdem ver\u00f6ffentlichte er \u00fcber 90 durch Fachleute gepr\u00fcfte Arbeiten, Buchkapitel und Abhandlungen. Seit 1993 arbeitet er am DFKI schwerpunktm\u00e4\u00dfig an den Themen Sprach\u00fcbersetzung (Projekt VerbMobi), Multimodale Mensch-Machine-Interaktion (Project SmartKom, Metalogue), Corpus and Summarization (Projekte AMI\/AMIDA) und aktuell vor allem an barrierefreien Technologien zur Unterst\u00fctzung \u00e4lterer und behinderter Menschen (Projekte i2home &amp; VITAL, Mobia, mobisaar, SIforAGE, SensHome). Seinen Doktortitel verteidigte er 2003 an der Universit\u00e4t des Saarlandes. Er leitet das AAL Kompetenzzentrum am DFKI und ist Pr\u00e4sident der OpenURC Allianz.<br \/>\n<\/span><\/p>\n<p class=\"p4\" style=\"text-align: justify;\"><span class=\"s1\"><b>BERLIN<\/b><\/span><\/p>\n<p class=\"p3\" style=\"text-align: justify;\"><span class=\"s1\"><b><a href=\"http:\/\/ccaal.dfki.de\/wordpress\/wp-content\/uploads\/2016\/08\/norbert-reithinger.jpg\"><img loading=\"lazy\" decoding=\"async\" class=\"size-full wp-image-149 alignright\" src=\"http:\/\/ccaal.dfki.de\/wordpress\/wp-content\/uploads\/2016\/08\/norbert-reithinger.jpg\" alt=\"norbert-reithinger\" width=\"100\" height=\"130\" \/><\/a>Dr. Norbert Reithinger<\/b> ist Principal Researcher und Research Fellow des DFKI. Er ist verantwortlich f\u00fcr zahlreiche Projekte im Bereich der multimodalen Schnittstellen f\u00fcr die \u00f6ffentliche und private Anwendung. Er ist Leiter des k\u00fcrzlich eingerichteten Projektb\u00fcros in Berlin. Er war wissenschaftlicher Leiter von Projekten wie Verbmobil, SmartKom, Virtual Human und SmartWeb. Zurzeit koordiniert er alle DFKI-Aktivit\u00e4ten im umfassenden deutschen AAL-Projekt SmartSenior. In diesem Projekt ist er ebenfalls verantwortlich f\u00fcr das Teilprojekt, das sich mit der Benutzerfreundlichkeit und der Endbenutzer-Evaluierung besch\u00e4ftigt.<\/span><\/p>\n<p class=\"p4\" style=\"text-align: justify;\"><span class=\"s1\"><b><a href=\"http:\/\/ccaal.dfki.de\/wordpress\/wp-content\/uploads\/2016\/08\/foto-aaron-russ_klein.jpg\"><img loading=\"lazy\" decoding=\"async\" class=\"size-full wp-image-137 alignright\" src=\"http:\/\/ccaal.dfki.de\/wordpress\/wp-content\/uploads\/2016\/08\/foto-aaron-russ_klein.jpg\" alt=\"foto-aaron-russ_klein\" width=\"139\" height=\"160\" srcset=\"https:\/\/ccaal.dfki.de\/wordpress\/wp-content\/uploads\/2016\/08\/foto-aaron-russ_klein.jpg 139w, https:\/\/ccaal.dfki.de\/wordpress\/wp-content\/uploads\/2016\/08\/foto-aaron-russ_klein-125x144.jpg 125w\" sizes=\"auto, (max-width: 139px) 100vw, 139px\" \/><\/a>Aaron Ru\u00df <\/b>ist seit 2007 Absolvent der Marburger Philipps-Universit\u00e4t mit Diplom in Informatik. Seit 2009 arbeitet er als Wissenschaftler am Deutschen Forschungszentrum f\u00fcr K\u00fcnstliche Intelligenz (DFKI) im Fachbereich f\u00fcr Intelligente Benutzerschnittstellen (IUI). Sein Hauptforschungsinteresse gilt der Benutzermodellierung mit Anwendung f\u00fcr simulationsbasierte, automatisierte Nutzerevaluation. Im AAL-Bereich arbeitete er an Projekten mit Schwerpunkt auf automatisierter Nutzerevaluation, Nutermodellierung unter spezieller Ber\u00fccksichtigung von altersbedingten Einfl\u00fcssen und Einschr\u00e4nkungen, sowie der Entwicklung von multimodalen Benutzerschnittstellen.<\/span><\/p>\n<p class=\"p3\" style=\"text-align: justify;\"><span class=\"s1\"><b><a href=\"http:\/\/ccaal.dfki.de\/wordpress\/wp-content\/uploads\/2016\/08\/Kinga_Schumacher_portrait.jpg\"><img loading=\"lazy\" decoding=\"async\" class=\" wp-image-145 alignleft\" src=\"http:\/\/ccaal.dfki.de\/wordpress\/wp-content\/uploads\/2016\/08\/Kinga_Schumacher_portrait.jpg\" alt=\"Kinga_Schumacher_portrait\" width=\"157\" height=\"184\" srcset=\"https:\/\/ccaal.dfki.de\/wordpress\/wp-content\/uploads\/2016\/08\/Kinga_Schumacher_portrait.jpg 137w, https:\/\/ccaal.dfki.de\/wordpress\/wp-content\/uploads\/2016\/08\/Kinga_Schumacher_portrait-123x144.jpg 123w\" sizes=\"auto, (max-width: 157px) 100vw, 157px\" \/><\/a>Kinga Schumacher <\/b>studierte Informatik in Mannheim und ist seit 2006 wissenschaftliche Mitarbeiterin am Deutschen Forschungszentrum f\u00fcr K\u00fcnstliche Intelligenz, Sie arbeitete an zahlreichen Projekten im Bereich der intelligenten Informationsmanagementsysteme (semantische Verarbeitung und Retrieval von strukturierten, semi-strukturierten und unstrukturierten Inhalten), wobei sie sowohl am Design der Benutzerschnittstelle als auch an der Entwicklung der intelligenten Verfahren f\u00fcr das Backend mitgewirkt hat. Im Bereich der AAL sammelte sie erste Erfahrungen im BMBF-Projekt SmartSenior. Zurzeit konzentriert sie sich auf die Entwicklung von Styleguides und Interaktionsdesign f\u00fcr die Generation 60+ (LeVer) und auf die semantische Informationsaufbereitung f\u00fcr dieselbe Zielgruppe (PLuTO).<\/span><\/p>\n<p class=\"p3\" style=\"text-align: justify;\"><span class=\"s1\"><b><a href=\"http:\/\/ccaal.dfki.de\/wordpress\/wp-content\/uploads\/2016\/08\/sven_schmeier.jpg\"><img loading=\"lazy\" decoding=\"async\" class=\" wp-image-153 alignleft\" src=\"http:\/\/ccaal.dfki.de\/wordpress\/wp-content\/uploads\/2016\/08\/sven_schmeier.jpg\" alt=\"sven_schmeier\" width=\"87\" height=\"113\" \/><\/a>Sven Schmeier\u00a0<\/b>ist Senior Consultant am DFKI und arbeitet in verschiedenen Projekten im Bereich der Sprachtechnologie mit. Au\u00dferdem ist er Technischer Direktor des DFKI-Spin-off\u00a0 &#8222;Yocoy&#8220;. Bei SmartSenior ist er verantwortlich f\u00fcr das Teilprojekt &#8222;\u00dcberwindung der Sprachbarrieren&#8220;.<\/span><\/p>\n<p class=\"p4\" style=\"text-align: justify;\"><span class=\"s1\">\u00a0<\/span><\/p>\n<p class=\"p4\" style=\"text-align: justify;\"><span class=\"s1\"><b>BREMEN<\/b><\/span><\/p>\n<p class=\"p3\" style=\"text-align: justify;\"><span class=\"s1\"><b><a href=\"http:\/\/ccaal.dfki.de\/wordpress\/wp-content\/uploads\/2016\/08\/bernd_krieg-brueckner.jpg\"><img loading=\"lazy\" decoding=\"async\" class=\"size-full wp-image-185 alignright\" src=\"http:\/\/ccaal.dfki.de\/wordpress\/wp-content\/uploads\/2016\/08\/bernd_krieg-brueckner.jpg\" alt=\"bernd_krieg-brueckner\" width=\"98\" height=\"130\" \/><\/a>Prof. Dr. Bernd Krieg-Br\u00fcckner<\/b> (M.S. in Computer Science, Cornell University, 1971; Dr. rer. nat, TU M\u00fcnchen, 1978) war eine derjenigen Personen, die im Wesentlichen zum Design der Programmiersprache ADA beigetragen haben. Nach einem Aufenthalt an der UC Berkeley und an der Stanford University wurde er 1982 Professor an der Universit\u00e4t Bremen. Seit 2005 leitet er das Kompetenzzentrum Sichere Software des DFKI in Bremen. Seine Forschung hat sich auf die Entwicklung formaler Sprachen, Methoden und Tools konzentriert zur Entwicklung einer korrekten Software, die als Basis zur Abstraktion und Aufarbeitung formaler Entwicklungen dient, und auf die IT-Sicherheit und \u00f6ffentliche Sicherheit. Seit 1990 wurden formale Spezifikation, formale Ontologie und formale Sicherheit auf die Kognitionswissenschaft, die Robotertechnik und das Ambient Assisted Living angewandt. Dies geschieht jetzt im DFG-Transregio-Sonderforschungsbereich SFB\/TR 8 &#8222;Spatial Cognition&#8220;.<\/span><\/p>\n<p class=\"p3\" style=\"text-align: justify;\"><span class=\"s1\"><b><a href=\"http:\/\/ccaal.dfki.de\/wordpress\/wp-content\/uploads\/2016\/08\/Autexier_Portrait.jpg\"><img loading=\"lazy\" decoding=\"async\" class=\"size-full wp-image-281 alignright\" src=\"http:\/\/ccaal.dfki.de\/wordpress\/wp-content\/uploads\/2016\/08\/Autexier_Portrait.jpg\" alt=\"Autexier_Portrait\" width=\"122\" height=\"160\" srcset=\"https:\/\/ccaal.dfki.de\/wordpress\/wp-content\/uploads\/2016\/08\/Autexier_Portrait.jpg 122w, https:\/\/ccaal.dfki.de\/wordpress\/wp-content\/uploads\/2016\/08\/Autexier_Portrait-110x144.jpg 110w\" sizes=\"auto, (max-width: 122px) 100vw, 122px\" \/><\/a>Dr. Serge Autexier<\/b> ist Senior Researcher im Forschungsbereich Cyber-Physical Systems des Deutschen Forschungszentrums f\u00fcr K\u00fcnstliche Intelligenz (DFKI GmbH) in Bremen. 1996 erhielt er von der Universit\u00e4t des Saarlandes in Saarbr\u00fccken sein Informatikdiplom (~ M.Sc.) und 2003 seinen Dr.-Ing. Er besitzt Kenntnisse im Bereich formale Methoden, mathematische und formale Logik, insbesondere automatisiertes und interaktives Theorem-Proving, \u00c4nderungsanalyse, \u00c4nderungs-propagierung und \u00c4nderungsmanagement f\u00fcr verkn\u00fcpfte, semi-strukturierte Daten (Projekt FormalSafe). In j\u00fcngster Zeit arbeitete er an der Formalisierung und Implementierung von Prozessen, in die heterogene Dienste mit komplexen Daten integriert werden. Daraus resultierte eine Implementations-, Simulations- und Ausf\u00fchrungsplattform mit Assistenzsystemen f\u00fcr das Bremen Ambient Assisted Living Lab (BAALL).<\/span><\/p>\n<p class=\"p3\" style=\"text-align: justify;\"><span class=\"s1\"><b><a href=\"http:\/\/ccaal.dfki.de\/wordpress\/wp-content\/uploads\/2016\/08\/thomas-roefer.jpg\"><img loading=\"lazy\" decoding=\"async\" class=\"size-full wp-image-273 alignright\" src=\"http:\/\/ccaal.dfki.de\/wordpress\/wp-content\/uploads\/2016\/08\/thomas-roefer.jpg\" alt=\"thomas-roefer\" width=\"105\" height=\"130\" \/><\/a>Dr. Thomas R\u00f6fer<\/b> erhielt 1993 sein Informatikdiplom und 1998 wurde ihm von der Universit\u00e4t Bremen der Dr. Ing. verliehen. Er geh\u00f6rt zum DFG-Transregio-Sonderforschungsbereich &#8222;Spatial Cognition&#8220; in Bremen und war Mitglied des Exekutivkomitees der RoboCup Federation. Derzeit ist er Senior Researcher im Kompetenzzentrum Sichere Software des DFKI in Bremen. Seine fachlichen Interessengebiete umfassen die Rehabilitationsrobotik, den Roboterfu\u00dfball, die echtzeitf\u00e4hige Bildverarbeitung, Weltmodelle und humanoide Roboter.<\/span><\/p>\n<p class=\"p4\" style=\"text-align: justify;\"><span class=\"s1\"><b><a href=\"http:\/\/ccaal.dfki.de\/wordpress\/wp-content\/uploads\/2016\/08\/Udo-Frese.jpg\"><img loading=\"lazy\" decoding=\"async\" class=\"size-full wp-image-277 alignleft\" src=\"http:\/\/ccaal.dfki.de\/wordpress\/wp-content\/uploads\/2016\/08\/Udo-Frese.jpg\" alt=\"Udo Frese\" width=\"87\" height=\"130\" \/><\/a>Prof. Dr.-Ing. Udo Frese<\/b> ist seit Juni 2008 Juniorprofessor f\u00fcr Echtzeitbildverarbeitung an der Universit\u00e4t Bremen. Er ist Projektleiter im Sonderforschungsbereich SFB\/TR 8 &#8222;Spatial Cognition&#8220; &#8211; Schlie\u00dfen, Handeln, Interagieren &#8211; das dem DFKI angeschlossen ist. Udo Frese hat in Paderborn Informatik studiert und dann als Wissenschaftler im Deutschen Zentrum f\u00fcr Luft- und Raumfahrt (DLR) gearbeitet. Er hat an der Friedrich-Alexander-Universit\u00e4t Erlangen-N\u00fcrnberg promoviert. Seine Dissertation befasste sich mit Treemap, einem hocheffizienten Algorithmus zur simultanen Lokalisierung und Kartendarstellung (SLAM), z.B. zur Erstellung globaler Karten aus lokalen Beobachtungen heraus. Danach war er als Senior Researcher an der Universit\u00e4t Bremen und dem DFKI t\u00e4tig. Udo Frese besch\u00e4ftigt sich mit der Echtzeitbildverarbeitung und der Robotertechnik. M\u00f6gliche Anwendungsgebiete sind die industrielle Qualit\u00e4tssicherung, die Erstellung von 3D-Modellen einer Umgebung mittels einer beweglichen Kamera oder die visuelle Wahrnehmung von Sport und Robotertechnik. Udo Frese arbeitet auch an der Auswertung sicherheitsgerichteter Sensordaten zur Absicherung fahrerloser Transportsysteme vor Kollisionen.<\/span><\/p>\n<p class=\"p4\" style=\"text-align: justify;\"><span class=\"s1\"><b>KAISERSLAUTERN<\/b><\/span><\/p>\n<p class=\"p3\" style=\"text-align: justify;\"><span class=\"s1\"><b><a href=\"http:\/\/ccaal.dfki.de\/wordpress\/wp-content\/uploads\/2016\/08\/gabriele_bleser.jpg\"><img loading=\"lazy\" decoding=\"async\" class=\"size-full wp-image-209 alignright\" src=\"http:\/\/ccaal.dfki.de\/wordpress\/wp-content\/uploads\/2016\/08\/gabriele_bleser.jpg\" alt=\"gabriele_bleser\" width=\"100\" height=\"130\" \/><\/a>Gabriele Bleser<\/b> ist Senior Researcher im Forschungsbereich Erweiterte Realit\u00e4t am DFKI Kaiserslautern. Davor arbeitete sie von 2004 bis 2008 in der Abteilung Virtuelle und Erweiterte Realit\u00e4t des Fraunhofer-Instituts f\u00fcr Graphische Datenverarbeitung in Darmstadt. Im M\u00e4rz 2009 erhielt sie ihren Doktortitel von der Universit\u00e4t Kaiserslautern (&#8222;Towards Visual-Inertial SLAM for Mobile Augmented Reality&#8220;). Ihre Dissertation pr\u00e4sentiert Methoden f\u00fcr modell-basiertes visuelles Kameratracking und visuell-inertiales SLAM mithilfe des erweiterten Kalman-Filters, des Partikel-Filters und des Rao-Blackwellised-Partikelfilters. Derzeit arbeitet sie am europ\u00e4ischen Forschungsprojekt PAMAP mit (Physical Activity Monitoring for Aging People). Dort werden kosteng\u00fcnstige Inertialsensoren dazu genutzt, um die k\u00f6rperlichen Aktivit\u00e4ten \u00e4lterer Menschen zu \u00fcberwachen. Und im Rahmen des europ\u00e4ischen Forschungsrpojektes COGNITO (Cognitive Workflow Capturing and Rendering with On-Body Sensor-Networks, ICT &#8211; 248290) untersucht sie das Monitoring von Benutzeraktivit\u00e4ten und die Klassifikation von Arbeitsabl\u00e4ufen, basierend auf einem Netzwerk von Intertialsensoren und Kameras.<\/span><\/p>\n<p class=\"p4\" style=\"text-align: justify;\"><span class=\"s1\"><b>SAARBR\u00dcCKEN<\/b><\/span><\/p>\n<p class=\"p4\" style=\"text-align: justify;\"><span class=\"s1\"><b><a href=\"http:\/\/ccaal.dfki.de\/wordpress\/wp-content\/uploads\/2016\/08\/Emrich-Foto.jpg\"><img loading=\"lazy\" decoding=\"async\" class=\"size-full wp-image-201 alignright\" src=\"http:\/\/ccaal.dfki.de\/wordpress\/wp-content\/uploads\/2016\/08\/Emrich-Foto.jpg\" alt=\"Emrich-Foto\" width=\"100\" height=\"137\" \/><\/a>Andreas Emrich <\/b>ist Researcher und Doktorand am Institut f\u00fcr Wirschaftsinformatik (IWi) im Deutschen Forschungszentrum f\u00fcr K\u00fcnstliche Intelligenz (DFKI) seit 2008. Er hat einen Abschluss als Diplom-Wirschaftsingenieur (Informatik) von der TU Kaiserslautern. Seine Forschungsinteressen sind mobile Empfehlungssysteme, mHealth, Semantic Web und Traceability in Informationssystemen. Er hat mehrere lokale, nationale und internationale Projekte in Forschung und Industrie durchgef\u00fchrt und\/oder geleitet und mehr als 30 wissenschaftliche Publikationen verfasst. Gegenw\u00e4rtig ist Andreas Emrich Projektleiter von MENTORbike.<\/span><\/p>\n<p class=\"p4\" style=\"text-align: justify;\"><span class=\"s1\"><strong><a href=\"http:\/\/ccaal.dfki.de\/wordpress\/wp-content\/uploads\/2016\/08\/Girenko_Bild-neu.jpg\"><img loading=\"lazy\" decoding=\"async\" class=\"size-full wp-image-213 alignright\" src=\"http:\/\/ccaal.dfki.de\/wordpress\/wp-content\/uploads\/2016\/08\/Girenko_Bild-neu.jpg\" alt=\"Abstract background art wallpaper graphic\" width=\"113\" height=\"113\" \/><\/a>Dr. Andrey Girenko<\/strong> ist R&amp;D Administrator am Kompetenzzentrum f\u00fcr e-Learning am DFKI (seit 2008). Er stellt au\u00dferdem dem Forschungsbereich Intelligente Benutzerschnittstellen EU-Management-Dienstleistungen zur Verf\u00fcgung. Zurzeit ist er in die Projekte SIforAGE und METALOGUE direkt involviert. Zus\u00e4tzlich ist er gesch\u00e4ftsf\u00fchrender Direktor der GIRAF PM Services GmbH. An der Higher Military School of Radio-Technical Engineering in Kiev (Ukraine) hat er ein Diplom in Computer aided Management Systems (CAMS) erworben sowie einen Candidate of Science in Informatik an der Higher Military Academy of Radio-Technical Engineering in Kharkov (Ukraine) (entspricht dem Doktorgrad). Nachdem er an der Staatlichen Universit\u00e4t Twer (Russland) stellvertretender Direktor des Internetzentrums der Universit\u00e4t war (1993-1995) und die Abteilung f\u00fcr Internationale Beziehungen der Universit\u00e4t Twer leitete (1995-2001), war er Senior Experte der National Training Foundation (NFT) in Moskau (Russland). 2002 war er erstmals f\u00fcr das DFKI t\u00e4tig und managte das Vorzeigeprojekt Agentcities.NET. Von August 2001 bis Oktober 2008 managte und koordinierte er bzw. war er an mehr als 20 europ\u00e4ischen Projekten der European Research und Project Office GmbH (Eurice) beteiligt, z. B. an den Projekten LeActiveMath, K4Care, ENGAGE und Coeur4Life.<\/span><\/p>\n<p class=\"p3\" style=\"text-align: justify;\"><span class=\"s1\"><b><a href=\"http:\/\/ccaal.dfki.de\/wordpress\/wp-content\/uploads\/2016\/08\/matthias-klusch.jpg\"><img loading=\"lazy\" decoding=\"async\" class=\"size-full wp-image-241 alignleft\" src=\"http:\/\/ccaal.dfki.de\/wordpress\/wp-content\/uploads\/2016\/08\/matthias-klusch.jpg\" alt=\"matthias-klusch\" width=\"93\" height=\"130\" \/><\/a>PD Dr. Matthias Klusch<\/b> ist\u00a0 Senior Researcher und Research Fellow des DFKI. Dort ist er Co-Head der Forschungsgruppe Multiagentensysteme. Er ist au\u00dferdem au\u00dferordentlicher Professor f\u00fcr Informatik an der TU Swinburne in Melbourne (Australien). Er erhielt 1992 seinen M.Sc. und promovierte 1997 an der Universit\u00e4t Kiel. 2009 habilitierte er in Informatik an der Universit\u00e4t des Saarlandes. Er wurde f\u00fcr den ACM SIGART Award 2008 for Excellence in Autonomous Agent Research nominiert. Unter anderem ist er Mitherausgeber der internationalen wissenschaftlichen Zeitschriften Web Semantics, Cooperative Information Systems, Semantic Web and Information Systems, Web Intelligence and Agent Systems, und Applied Decision Sciences. Er publizierte 27 B\u00fccher als Autor oder Co-Autor und 120 Artikel aus den oben genannten Bereichen. Im AAL-Bereich war er wissenschaftlicher Koordinator des Eu-Projektes STREP CASCOM und des BMBF-Projektes SCALLOPS. Au\u00dferdem beteiligt er sich an der regionalen Initiative SaarAAL.<\/span><\/p>\n<p class=\"p3\" style=\"text-align: justify;\"><span class=\"s1\"><b><a href=\"http:\/\/ccaal.dfki.de\/wordpress\/wp-content\/uploads\/2016\/08\/oliver-keller.jpg\"><img loading=\"lazy\" decoding=\"async\" class=\"size-full wp-image-249 alignleft\" src=\"http:\/\/ccaal.dfki.de\/wordpress\/wp-content\/uploads\/2016\/08\/oliver-keller.jpg\" alt=\"oliver-keller\" width=\"90\" height=\"130\" \/><\/a>Dr. Oliver Keller<\/b> machte 1993 sein Diplom an der Universit\u00e4t des Saarlandes und verteidigte 1997 seine Dissertation. 1997 und 1998 arbeitete er f\u00fcr eine Spin-Off-Firma im Bereich der zerst\u00f6rungsfreien Materialpr\u00fcfung. Seit dem Herbst 1998 arbeitet er im DFKI als Administrator des Forschungsbereiches (Forschungsbereich Deduktion und Multiagentensysteme bis Fr\u00fchjahr 2008, seither Forschungsbereich Agenten und Simulierte Realit\u00e4t). Au\u00dferdem ist er Leiter der Pr\u00fcfstelle f\u00fcr IT-Sicherheit am DFKI. Dr. Keller war involviert in die Vorbereitungen und Verhandlungen bei zahlreichen EU-RTD-Projekten. Er war Koordinator von EU-STREP-Projekten im Bereich der e-Inklusion und der AAL (511632 CASCOM, 030600 VITAL).<\/span><\/p>\n<p class=\"p3\" style=\"text-align: justify;\"><span class=\"s1\"><b><a href=\"http:\/\/ccaal.dfki.de\/wordpress\/wp-content\/uploads\/2016\/08\/klaus-fischer.jpg\"><img loading=\"lazy\" decoding=\"async\" class=\"size-full wp-image-233 alignleft\" src=\"http:\/\/ccaal.dfki.de\/wordpress\/wp-content\/uploads\/2016\/08\/klaus-fischer.jpg\" alt=\"klaus-fischer\" width=\"97\" height=\"130\" \/><\/a>Dr. Klaus Fischer<\/b> studierte Informatik an der TU M\u00fcnchen. Von 1986 bis 1991 arbeitete er in einem Verbundprojekt des Sonderforschungsbereiches SFB 331 Informationsverarbeitung an autonomen, mobilen Handhabungssystemen an der Informatik der TU M\u00fcnchen. 1992 promovierte er \u00fcber &#8222;Distributed and Cooperative Planning in a Flexible Manufacturing System&#8220;. Im Januar 1992 schloss er sich der Multiagentensysteme-Forschungsgruppe des DFKI im Forschungsbereich Deduktion und Multiagentensysteme unter der Leitung von Prof. H. J. Siekmann an. Seit 1993 ist er Leiter der Gruppe und seit 1996 stellvertretender Forschungsbereichsleiter. Er hat erfolgreich zahlreiche Forschungs- und Industrieprojekte \u00fcber Multiagentensysteme zum Abschluss gebracht. Seit 1989 ist er Mitglied der Deutschen Interessenvertretung Verteilte K\u00fcnstliche Intelligenz, deren Sprecher er von 1995 bis 2000 war. Im AAL-Bereich ist Dr. Fischer involviert in die EU-STREPs i2home und VITAL.<\/span><\/p>\n<p class=\"p3\" style=\"text-align: justify;\"><span class=\"s1\"><b><a href=\"http:\/\/ccaal.dfki.de\/wordpress\/wp-content\/uploads\/2016\/08\/patrick_kapahnke.jpg\"><img loading=\"lazy\" decoding=\"async\" class=\"size-full wp-image-253 alignright\" src=\"http:\/\/ccaal.dfki.de\/wordpress\/wp-content\/uploads\/2016\/08\/patrick_kapahnke.jpg\" alt=\"patrick_kapahnke\" width=\"130\" height=\"130\" \/><\/a>Patrick Kapahnke<\/b> ist Wissenschaftler und arbeitet im Forschungsteam Intelligente Informationssysteme und Agenten der Multiagentensysteme-Gruppe. Er erhielt 2004 seinen M.Sc. von der Universit\u00e4t des Saarlandes. Im AAL-Bereich arbeitet er als Software-Entwickler am EU-STREP VITAL und pflegt das Software-Paket des DFKI-Gesundheitsprojektes SCALLOPS f\u00fcr intelligente mobile Koordination von elektronischen Gesundheitsdiensten.<\/span><\/p>\n<p class=\"p3\" style=\"text-align: justify;\"><span class=\"s1\"><b><a href=\"http:\/\/ccaal.dfki.de\/wordpress\/wp-content\/uploads\/2016\/08\/ingo-zinnikus.jpg\"><img loading=\"lazy\" decoding=\"async\" class=\"size-full wp-image-217 alignright\" src=\"http:\/\/ccaal.dfki.de\/wordpress\/wp-content\/uploads\/2016\/08\/ingo-zinnikus.jpg\" alt=\"ingo-zinnikus\" width=\"140\" height=\"130\" \/><\/a>Ingo Zinnikus<\/b> ist Wissenschaftler am DFKI. 1998 schloss er sein Hochschulstudium an der Universit\u00e4t des Saarlandes ab und arbeitet seither in der Multiagentensysteme-Gruppe des DFKI. Er arbeitet an der Anwendung der Multiagentensysteme in zahlreichen Bereichen wie der Logistik, den Empfehlungsdiensten und der Automatisierung von Gesch\u00e4ftsprozessen. Neben dem Verfassen zahlreicher Publikationen hat er auch zum Erfolg vieler nationaler Projekte und EU-Projekte beigetragen. Er war bei zahlreichen internationalen Workshops Mitglied des Programmausschusses. Interessengebiete: Multiagentensysteme, serviceorientierte Architekturen und semantische Webdienste. Projekterfahrung: das TeleTruck-Projekt der saarl\u00e4ndischen Landesregierung, die EU-Projekte SAID (FP5), VITAL (FP6, technische Koordination), ATHENA (FP 6), and COIN (FP7), sowie regionale Industrieprojekte.<\/span><\/p>\n<p class=\"p4\" style=\"text-align: justify;\"><span class=\"s1\"><b><a href=\"http:\/\/ccaal.dfki.de\/wordpress\/wp-content\/uploads\/2016\/08\/Jochen_grey.png\"><img loading=\"lazy\" decoding=\"async\" class=\" wp-image-225 alignleft\" src=\"http:\/\/ccaal.dfki.de\/wordpress\/wp-content\/uploads\/2016\/08\/Jochen_grey-300x300.png\" alt=\"Jochen_grey\" width=\"148\" height=\"148\" srcset=\"https:\/\/ccaal.dfki.de\/wordpress\/wp-content\/uploads\/2016\/08\/Jochen_grey-300x300.png 300w, https:\/\/ccaal.dfki.de\/wordpress\/wp-content\/uploads\/2016\/08\/Jochen_grey-150x150.png 150w, https:\/\/ccaal.dfki.de\/wordpress\/wp-content\/uploads\/2016\/08\/Jochen_grey-144x144.png 144w, https:\/\/ccaal.dfki.de\/wordpress\/wp-content\/uploads\/2016\/08\/Jochen_grey.png 345w\" sizes=\"auto, (max-width: 148px) 100vw, 148px\" \/><\/a>Jochen Britz<\/b> ist Wissenschaftler am DFKI. Er schloss 2013 sein Hochschulstudium der Computer- und Kommunikationstechnologie (CuK) an der Universit\u00e4t des Saarlandes ab. Seit 2012 arbeitet er im Bereich Intelligente Benutzerschnittstellen. Im AAL-Bereich ist er involviert in das von der Regierung finanzierte Projekt SUCH sowie in die Projekte Mobia und AdAPT, die teilweise vom Bundesministerium f\u00fcr Bildung und Forschung gef\u00f6rdert werden.<\/span><\/p>\n<p class=\"p4\" style=\"text-align: justify;\"><span class=\"s1\"><b><a href=\"http:\/\/ccaal.dfki.de\/wordpress\/wp-content\/uploads\/2018\/07\/IMG_3512.jpg\"><img loading=\"lazy\" decoding=\"async\" class=\" wp-image-2954 alignleft\" src=\"http:\/\/ccaal.dfki.de\/wordpress\/wp-content\/uploads\/2018\/07\/IMG_3512-249x300.jpg\" alt=\"\" width=\"134\" height=\"162\" srcset=\"https:\/\/ccaal.dfki.de\/wordpress\/wp-content\/uploads\/2018\/07\/IMG_3512-249x300.jpg 249w, https:\/\/ccaal.dfki.de\/wordpress\/wp-content\/uploads\/2018\/07\/IMG_3512-768x925.jpg 768w, https:\/\/ccaal.dfki.de\/wordpress\/wp-content\/uploads\/2018\/07\/IMG_3512-850x1024.jpg 850w, https:\/\/ccaal.dfki.de\/wordpress\/wp-content\/uploads\/2018\/07\/IMG_3512-624x752.jpg 624w, https:\/\/ccaal.dfki.de\/wordpress\/wp-content\/uploads\/2018\/07\/IMG_3512.jpg 1623w\" sizes=\"auto, (max-width: 134px) 100vw, 134px\" \/><\/a>Maurice Rekrut<\/b> ist Wissenschaftler am DFKI.\u00a02013 schloss er sein Studium der Biomedizinischen Technik\u00a0an der Hochschule f\u00fcr Technik und Wirtschaft des Saarlandes (HTW) in der Fachrichtung Neural Engineering als Master of Science\u00a0ab. Seitdem arbeitet er am DFKI im Forschungsbereich Intelligente Benutzerschnittstellen und ist im AAL-Bereich involviert in das Projekt SUCH sowie in das BMBF-Projekt Mobia.<\/span><\/p>\n<p class=\"p4\" style=\"text-align: justify;\"><span class=\"s1\"><b><a href=\"http:\/\/ccaal.dfki.de\/wordpress\/wp-content\/uploads\/2016\/08\/krso02_2582.jpg\"><img loading=\"lazy\" decoding=\"async\" class=\"wp-image-237 alignright\" src=\"http:\/\/ccaal.dfki.de\/wordpress\/wp-content\/uploads\/2016\/08\/krso02_2582.jpg\" alt=\"krso02_2582\" width=\"134\" height=\"188\" srcset=\"https:\/\/ccaal.dfki.de\/wordpress\/wp-content\/uploads\/2016\/08\/krso02_2582.jpg 200w, https:\/\/ccaal.dfki.de\/wordpress\/wp-content\/uploads\/2016\/08\/krso02_2582-103x144.jpg 103w\" sizes=\"auto, (max-width: 134px) 100vw, 134px\" \/><\/a><\/b><\/span><\/p>\n<p class=\"p4\" style=\"text-align: justify;\"><span class=\"s1\"><b>Kristian Sons<\/b> ist Senior Consultant im Forschungsbereich Agenten und Simulierte Realit\u00e4t des DFKI. Er schloss sein Studium in Medieninformatik 2004 ab und arbeitete von 2004 &#8211; 2007 in der Konzernforschung von EADS (jetzt Airbus Group) im Bereich Visualisierung. Am DFKI leitet er das 3D-Internet-Projekt XML3D (<a href=\"http:\/\/www.xml3d.org\/\"><span class=\"s2\">www.xml3d.org<\/span><\/a>). Im Rahmen des EU-Projektes VERVE befasste er sich mit dem Einsatz virtueller 3D Welten zur Behandlung von Menschen mit alterstypischen Erkrankungen und \u00c4ngsten. Sein Forschungsinteresse liegt in der Entwicklung von Technologien, die einen breiteren Einsatz von 3D-Grafik erlauben.<\/span><\/p>\n<p class=\"p4\" style=\"text-align: justify;\"><a href=\"http:\/\/ccaal.dfki.de\/wordpress\/wp-content\/uploads\/2016\/08\/Tro\u0308gerProfil.jpeg\"><img loading=\"lazy\" decoding=\"async\" class=\"wp-image-2029 alignleft\" src=\"http:\/\/ccaal.dfki.de\/wordpress\/wp-content\/uploads\/2016\/08\/Tro\u0308gerProfil.jpeg\" alt=\"tro%cc%88gerprofil\" width=\"159\" height=\"166\" \/><\/a><strong>Johannes Tr\u00f6ger<\/strong> ist DFKI-Wissenschaftler im Bereich Intelligente Benutzerschnittstellen. Er arbeitet im Rahmen des EIT Projekts Fit2Perform an Anwenderakzeptanz und partizipatorischer Designmethodik. Au\u00dferdem ist er als Teil des multidisziplin\u00e4ren Mobia\/mobisaar Teams und Experte f\u00fcr User experience f\u00fcr nutzerfreundliche Schnittstellen und Nutzererfahrungen zust\u00e4ndig und arbeitet mit hilfsbed\u00fcrftigen Nutzern zusammen. An der Universit\u00e4t des Saarlandes studierte er Educational Technology (M.Sc.) und Psychologie (B.Sc.) und konnte dabei umfangreiches Wissen und hilfreiche Erfahrungen in der Konzeptualisierung nutzerorientierter Schnittstellen sowie im Einsatz qualitativer und quantitativer Methoden sammeln.<\/p>\n<p class=\"p4\" style=\"text-align: justify;\"><strong><strong class=\"\"><a href=\"http:\/\/ccaal.dfki.de\/wordpress\/wp-content\/uploads\/2018\/07\/me_bw.jpg\"><img loading=\"lazy\" decoding=\"async\" class=\" wp-image-2961 alignright\" src=\"http:\/\/ccaal.dfki.de\/wordpress\/wp-content\/uploads\/2018\/07\/me_bw-281x300.jpg\" alt=\"\" width=\"202\" height=\"226\" \/><\/a><\/strong>Nicklas Linz<\/strong> ist\u00a0ist Wissenschaftler am DFKI im Bereich Intelligente Benutzerschnittstellen.<b>\u00a0<\/b>Er hat einen Bachelorabschluss in Informatik (B.Sc.). \u00a0Seit 2014 arbeitete er als Hilfswissenschaftler und seit September 2016 neben seinem Masterstudium als Wissenschaftler am DFKI. Er arbeitete und arbeitet in Projekten wie Metaloque, Praf, DiDiER und ELEMENT. \u00a0Seine Forschung konzentriert sich haupts\u00e4chlich auf Machine Learning und Computerlinguistik in Diagnose und Vorhersage kognitiver Krankheiten.<\/p>\n<p class=\"p4\" style=\"text-align: justify;\"><strong><a href=\"http:\/\/ccaal.dfki.de\/wordpress\/wp-content\/uploads\/2016\/08\/JannaHerrmann.jpg\"><img loading=\"lazy\" decoding=\"async\" class=\"size-thumbnail wp-image-2729 alignleft\" src=\"http:\/\/ccaal.dfki.de\/wordpress\/wp-content\/uploads\/2016\/08\/JannaHerrmann-150x150.jpg\" alt=\"\" width=\"150\" height=\"150\" srcset=\"https:\/\/ccaal.dfki.de\/wordpress\/wp-content\/uploads\/2016\/08\/JannaHerrmann-150x150.jpg 150w, https:\/\/ccaal.dfki.de\/wordpress\/wp-content\/uploads\/2016\/08\/JannaHerrmann-180x180.jpg 180w, https:\/\/ccaal.dfki.de\/wordpress\/wp-content\/uploads\/2016\/08\/JannaHerrmann-60x60.jpg 60w\" sizes=\"auto, (max-width: 150px) 100vw, 150px\" \/><\/a><\/strong><\/p>\n<p class=\"p4\" style=\"text-align: justify;\"><strong>Janna Herrmann<\/strong>\u00a0ist Wissenschaftlerin am DFKI im Bereich Intelligente Benutzerschnittstellen. Sie beendete 2017 ihren Bachelor<strong>\u00a0<\/strong>in Informatik an der Universit\u00e4t des Saarlandes. Seit 2015 arbeitete sie als Hilfswissenschaftlerin am DFKI und seit Juni 2017neben ihrem Masterstudium als Wissenschaftlerin. Im AAL Bereich war und ist die involviert in Projekte wie SUCH, Mobia, DesigNetz und DiDiER.<\/p>\n<p class=\"p1\" style=\"text-align: justify;\"><span class=\"s1\"><b>Ehemalige Projektmitglieder:\u00a0<\/b><\/span><\/p>\n<p style=\"text-align: justify;\"><strong><span class=\"s1\">Ben Hennig (Berlin)<\/span><\/strong><br \/>\n<strong><span class=\"s1\">Gustav Hendeby (Kaiserslautern)<\/span><\/strong><br \/>\n<strong><span class=\"s1\">Jochen Frey (Saarbr\u00fccken)<br \/>\nSabrina Bl\u00fcmling (Berlin)<br \/>\nChristian Husodo Schulz (Berlin)<br \/>\nDr. Bernd Gersdorf (Bremen)<br \/>\nChristoph Stahl (Bremen)<br \/>\nRobert Ne\u00dfelrath (Saarbr\u00fccken)<br \/>\nAlexandra Theobalt (Saarbr\u00fccken)<\/span><\/strong><\/p>\n<p>&nbsp;<\/p>\n","protected":false},"excerpt":{"rendered":"<p>KOORDINATOR Dr. Jan Alexandersson ist Principal Researcher und Research Fellow im Forschungsbereich Intelligente Benutzerschnittstellen des Deutschen Forschungszentrums f\u00fcr K\u00fcnstliche Intelligenz, DFKI GmbH. 1993 machte er seinen Master of Science an&#8230; <a href=\"https:\/\/ccaal.dfki.de\/de\/personen\">Read more &raquo;<\/a><\/p>\n","protected":false},"author":9,"featured_media":0,"parent":0,"menu_order":0,"comment_status":"closed","ping_status":"closed","template":"","meta":{"footnotes":""},"class_list":["post-45","page","type-page","status-publish","hentry"],"translation":{"provider":"WPGlobus","version":"3.0.2","language":"de","enabled_languages":["en","de"],"languages":{"en":{"title":true,"content":true,"excerpt":false},"de":{"title":true,"content":true,"excerpt":false}}},"_links":{"self":[{"href":"https:\/\/ccaal.dfki.de\/de\/wp-json\/wp\/v2\/pages\/45","targetHints":{"allow":["GET"]}}],"collection":[{"href":"https:\/\/ccaal.dfki.de\/de\/wp-json\/wp\/v2\/pages"}],"about":[{"href":"https:\/\/ccaal.dfki.de\/de\/wp-json\/wp\/v2\/types\/page"}],"author":[{"embeddable":true,"href":"https:\/\/ccaal.dfki.de\/de\/wp-json\/wp\/v2\/users\/9"}],"replies":[{"embeddable":true,"href":"https:\/\/ccaal.dfki.de\/de\/wp-json\/wp\/v2\/comments?post=45"}],"version-history":[{"count":52,"href":"https:\/\/ccaal.dfki.de\/de\/wp-json\/wp\/v2\/pages\/45\/revisions"}],"predecessor-version":[{"id":3189,"href":"https:\/\/ccaal.dfki.de\/de\/wp-json\/wp\/v2\/pages\/45\/revisions\/3189"}],"wp:attachment":[{"href":"https:\/\/ccaal.dfki.de\/de\/wp-json\/wp\/v2\/media?parent=45"}],"curies":[{"name":"wp","href":"https:\/\/api.w.org\/{rel}","templated":true}]}}